{"id":2,"date":"2025-03-19T13:26:34","date_gmt":"2025-03-19T13:26:34","guid":{"rendered":"https:\/\/cefa.nda-agency.com\/?page_id=2"},"modified":"2025-08-28T15:37:30","modified_gmt":"2025-08-28T15:37:30","slug":"sample-page","status":"publish","type":"page","link":"https:\/\/dev.circulareconomyforum.at\/en\/sample-page\/","title":{"rendered":"Resources &amp; Downloads"},"content":{"rendered":"<section class=\"bde-section-2-100 bde-section\">\n  \n  \n\t\n\n\n\n<div class=\"section-container\"><div class=\"bde-text-2-101 bde-text\">\nIndependent<br>Expertise since 2020\n<\/div><h2 class=\"bde-heading-2-102 bde-heading\">\nResources &amp; Downloads\n<\/h2><div class=\"bde-div-2-103 bde-div\">\n  \n  \n\t\n\n\n\n<div class=\"bde-div-2-104 bde-div\">\n  \n  \n\t\n\n\n\n\n<\/div><div class=\"bde-div-2-105 bde-div\">\n  \n  \n\t\n\n\n\n<div class=\"bde-text-2-106 bde-text\">\nCurrent resources\n<\/div><div class=\"bde-div-2-107 bde-div\">\n  \n  \n\t\n\n\n\n<a class=\"bde-text-link-2-108 bde-text-link breakdance-link\" href=\"https:\/\/breakdance.com\/\" target=\"_self\" data-type=\"url\">\n  Activities\n\n<\/a><a class=\"bde-text-link-2-109 bde-text-link breakdance-link\" href=\"https:\/\/breakdance.com\/\" target=\"_self\" data-type=\"url\">\n  Good Practice\n\n<\/a><a class=\"bde-text-link-2-110 bde-text-link breakdance-link\" href=\"https:\/\/breakdance.com\/\" target=\"_self\" data-type=\"url\">\n  Projects\n\n<\/a><a class=\"bde-text-link-2-111 bde-text-link breakdance-link\" href=\"https:\/\/breakdance.com\/\" target=\"_self\" data-type=\"url\">\n  Online seminars &amp; roundtables\n\n<\/a><a class=\"bde-text-link-2-112 bde-text-link breakdance-link\" href=\"https:\/\/breakdance.com\/\" target=\"_self\" data-type=\"url\">\n  Innovation Journeys\n\n<\/a><a class=\"bde-text-link-2-113 bde-text-link breakdance-link\" href=\"https:\/\/breakdance.com\/\" target=\"_self\" data-type=\"url\">\n  Industry Circles\n\n<\/a><a class=\"bde-text-link-2-114 bde-text-link breakdance-link\" href=\"https:\/\/breakdance.com\/\" target=\"_self\" data-type=\"url\">\n  Papers &amp; Research\n\n<\/a><a class=\"bde-text-link-2-116 bde-text-link breakdance-link\" href=\"https:\/\/breakdance.com\/\" target=\"_self\" data-type=\"url\">\n  Regulation\n\n<\/a>\n<\/div>\n<\/div>\n<\/div><\/div>\n<\/section><section class=\"bde-section-2-118 bde-section\">\n  \n  \n\t\n\n\n\n<div class=\"section-container\"><div class=\"bde-frequently-asked-questions-2-119 bde-frequently-asked-questions\">\n      <div class=\"bde-faq__item\">\n      <h3 class=\"bde-faq__title-tag\">\n       <button id=\"bde-faq-119-button-1\" aria-expanded=\"false\" aria-controls=\"bde-faq-119-1\" class=\"bde-faq__question js-faq-item\">\n          <span class=\"bde-faq__title\">Case Studies<\/span>\n                           <div aria-hidden=\"true\" class=\"bde-faq__icon bde-faq__icon--inactive\">\n                                <svg xmlns=\"http:\/\/www.w3.org\/2000\/svg\" id=\"Ebene_1\" version=\"1.1\" viewbox=\"0 0 31 31\">\r\n  <!-- Generator: Adobe Illustrator 29.4.0, SVG Export Plug-In . SVG Version: 2.1.0 Build 152)  -->\r\n  <polygon points=\"31 14.5 16 14.5 16 0 15 0 15 14.5 0 14.5 0 15.5 15 15.5 15 31 16 31 16 15.5 31 15.5 31 14.5\"\/>\r\n<\/svg>\n                            <\/div>\n         \t  <div aria-hidden=\"true\" class=\"bde-faq__icon bde-faq__icon--active\">\n                                <svg xmlns=\"http:\/\/www.w3.org\/2000\/svg\" id=\"Ebene_1\" version=\"1.1\" viewbox=\"0 0 31 2\">\r\n  <!-- Generator: Adobe Illustrator 29.4.0, SVG Export Plug-In . SVG Version: 2.1.0 Build 152)  -->\r\n  <rect y=\".5\" width=\"31\" height=\"1\"\/>\r\n<\/svg>\n                            <\/div>\n                  <\/button>\n      <\/h3>\n      <div role=\"region\" aria-labelledby=\"bde-faq-119-button-1\" id=\"bde-faq-119-1\" class=\"bde-faq__answer\">\n        <div class=\"bde-faq__answer-content\">\n            <div class=\"breakdance-rich-text-styles\"><p>We showcase innovative projects and activities from companies of all types and sizes to illustrate different approaches to developing circular business models, products and services. The Circular Economy Forum Austria focuses primarily on sustainable practices of Austrian companies and thus seeks to expand the network of people contributing to the transition to a circular economy in their own country. The contributions are intended to promote the exchange of experiences and expertise in order to create a community that promotes circular practices to bring about cross-sectoral change. Mention as a case study does not constitute an assessment of the quality or size of the contribution to the development of the circular economy in Austria. All case studies can be found here.<br \/><br \/>Is your company making an important contribution to the development of a circular economy in Austria? Contact us by sending us a factsheet and become part of the Austrian Circular Innovation Ecosystem!<\/p><\/div>\n\n                    <\/div>\n      <\/div>\n    <\/div>\n      <div class=\"bde-faq__item\">\n      <h3 class=\"bde-faq__title-tag\">\n       <button id=\"bde-faq-119-button-2\" aria-expanded=\"false\" aria-controls=\"bde-faq-119-2\" class=\"bde-faq__question js-faq-item\">\n          <span class=\"bde-faq__title\">Research<\/span>\n                           <div aria-hidden=\"true\" class=\"bde-faq__icon bde-faq__icon--inactive\">\n                                <svg xmlns=\"http:\/\/www.w3.org\/2000\/svg\" id=\"Ebene_1\" version=\"1.1\" viewbox=\"0 0 31 31\">\r\n  <!-- Generator: Adobe Illustrator 29.4.0, SVG Export Plug-In . SVG Version: 2.1.0 Build 152)  -->\r\n  <polygon points=\"31 14.5 16 14.5 16 0 15 0 15 14.5 0 14.5 0 15.5 15 15.5 15 31 16 31 16 15.5 31 15.5 31 14.5\"\/>\r\n<\/svg>\n                            <\/div>\n         \t  <div aria-hidden=\"true\" class=\"bde-faq__icon bde-faq__icon--active\">\n                                <svg xmlns=\"http:\/\/www.w3.org\/2000\/svg\" id=\"Ebene_1\" version=\"1.1\" viewbox=\"0 0 31 2\">\r\n  <!-- Generator: Adobe Illustrator 29.4.0, SVG Export Plug-In . SVG Version: 2.1.0 Build 152)  -->\r\n  <rect y=\".5\" width=\"31\" height=\"1\"\/>\r\n<\/svg>\n                            <\/div>\n                  <\/button>\n      <\/h3>\n      <div role=\"region\" aria-labelledby=\"bde-faq-119-button-2\" id=\"bde-faq-119-2\" class=\"bde-faq__answer\">\n        <div class=\"bde-faq__answer-content\">\n            <div class=\"breakdance-rich-text-styles\"><p>Unfortunately, we're unable to offer free samples. As a retailer, we buy all magazines from their publishers at the regular trade price. However, you could contact the magazine's publisher directly to ask if they can send you a free copy.<\/p><\/div>\n\n                    <\/div>\n      <\/div>\n    <\/div>\n      <div class=\"bde-faq__item\">\n      <h3 class=\"bde-faq__title-tag\">\n       <button id=\"bde-faq-119-button-3\" aria-expanded=\"false\" aria-controls=\"bde-faq-119-3\" class=\"bde-faq__question js-faq-item\">\n          <span class=\"bde-faq__title\">Policy Papers<\/span>\n                           <div aria-hidden=\"true\" class=\"bde-faq__icon bde-faq__icon--inactive\">\n                                <svg xmlns=\"http:\/\/www.w3.org\/2000\/svg\" id=\"Ebene_1\" version=\"1.1\" viewbox=\"0 0 31 31\">\r\n  <!-- Generator: Adobe Illustrator 29.4.0, SVG Export Plug-In . SVG Version: 2.1.0 Build 152)  -->\r\n  <polygon points=\"31 14.5 16 14.5 16 0 15 0 15 14.5 0 14.5 0 15.5 15 15.5 15 31 16 31 16 15.5 31 15.5 31 14.5\"\/>\r\n<\/svg>\n                            <\/div>\n         \t  <div aria-hidden=\"true\" class=\"bde-faq__icon bde-faq__icon--active\">\n                                <svg xmlns=\"http:\/\/www.w3.org\/2000\/svg\" id=\"Ebene_1\" version=\"1.1\" viewbox=\"0 0 31 2\">\r\n  <!-- Generator: Adobe Illustrator 29.4.0, SVG Export Plug-In . SVG Version: 2.1.0 Build 152)  -->\r\n  <rect y=\".5\" width=\"31\" height=\"1\"\/>\r\n<\/svg>\n                            <\/div>\n                  <\/button>\n      <\/h3>\n      <div role=\"region\" aria-labelledby=\"bde-faq-119-button-3\" id=\"bde-faq-119-3\" class=\"bde-faq__answer\">\n        <div class=\"bde-faq__answer-content\">\n            <div class=\"breakdance-rich-text-styles\"><p>You can create a new account at the end of the order process or on the following page. You can view all of your orders and subscriptions in your customer account. You can also change your addresses and your password.<\/p><\/div>\n\n                    <\/div>\n      <\/div>\n    <\/div>\n      <div class=\"bde-faq__item\">\n      <h3 class=\"bde-faq__title-tag\">\n       <button id=\"bde-faq-119-button-4\" aria-expanded=\"false\" aria-controls=\"bde-faq-119-4\" class=\"bde-faq__question js-faq-item\">\n          <span class=\"bde-faq__title\">Circular economy compass<\/span>\n                           <div aria-hidden=\"true\" class=\"bde-faq__icon bde-faq__icon--inactive\">\n                                <svg xmlns=\"http:\/\/www.w3.org\/2000\/svg\" id=\"Ebene_1\" version=\"1.1\" viewbox=\"0 0 31 31\">\r\n  <!-- Generator: Adobe Illustrator 29.4.0, SVG Export Plug-In . SVG Version: 2.1.0 Build 152)  -->\r\n  <polygon points=\"31 14.5 16 14.5 16 0 15 0 15 14.5 0 14.5 0 15.5 15 15.5 15 31 16 31 16 15.5 31 15.5 31 14.5\"\/>\r\n<\/svg>\n                            <\/div>\n         \t  <div aria-hidden=\"true\" class=\"bde-faq__icon bde-faq__icon--active\">\n                                <svg xmlns=\"http:\/\/www.w3.org\/2000\/svg\" id=\"Ebene_1\" version=\"1.1\" viewbox=\"0 0 31 2\">\r\n  <!-- Generator: Adobe Illustrator 29.4.0, SVG Export Plug-In . SVG Version: 2.1.0 Build 152)  -->\r\n  <rect y=\".5\" width=\"31\" height=\"1\"\/>\r\n<\/svg>\n                            <\/div>\n                  <\/button>\n      <\/h3>\n      <div role=\"region\" aria-labelledby=\"bde-faq-119-button-4\" id=\"bde-faq-119-4\" class=\"bde-faq__answer\">\n        <div class=\"bde-faq__answer-content\">\n            <div class=\"breakdance-rich-text-styles\"><p>No, you don't have to create an account. But there are a few advantages if you create an account.<\/p><ul><li><p>You never have to enter your billing and shipping address again<\/p><\/li><li><p>Find all of your orders, subscriptions and addresses in your account<\/p><\/li><li><p>Download invoices of your orders<\/p><\/li><\/ul><\/div>\n\n                    <\/div>\n      <\/div>\n    <\/div>\n  \n<\/div><\/div>\n<\/section><section class=\"bde-section-2-120 bde-section\">\n  \n  \n\t\n\n\n\n<div class=\"section-container\"><div class=\"bde-text-2-121 bde-text\">\nCurrent resources\n<\/div><h2 class=\"bde-heading-2-122 bde-heading\">\nInteger elementum blandit nisl<br>non volutpat vivamus\n<\/h2><div class=\"de-ajax-filter-2-123 de-ajax-filter\"><script>window.destinyAFObj = window.destinyAFObj || null;if(window.destinyAFObj === null) {window.destinyAFObj = {\"slug\":false,\"name\":\"post\",\"isFrontPage\":false,\"taxonomy\":false,\"taxonomyValue\":false,\"postType\":\"page\",\"postTypeLink\":\"https:\\\/\\\/dev.circulareconomyforum.at\\\/en\",\"singlePostArrs\":[],\"redirectIsEnabled\":false,\"redirectURL\":\"https:\\\/\\\/dev.circulareconomyforum.at\\\/en\",\"redirectSearchButton\":false};}<\/script>        <div role=\"group\" class=\"de-af-input-button-layout\" aria-labelledby=\"category\" data-single-select=\"false\" data-relation=\"\" data-input=\"buttons\" >\n            <label for=\"category\">Category<\/label>\n            <div id=\"category\" class=\"de-af-button-box\">\n                                    <div \n                        id=\"news\" \n                        tabindex='0' \n                        class=\"de-af-button-option\" \n                        role=\"checkbox\" \n                        data-value=\"news\"\n                        aria-checked=\"false\"\n                        aria-labelledby=\"news-label\"\n                    >   \n                        <span>\n                            <div id=\"news-label\" class=\"de-af-text\">News<\/div>\n                                                    <\/span>\n                    <\/div>\n                                    <div \n                        id=\"partner\" \n                        tabindex='0' \n                        class=\"de-af-button-option\" \n                        role=\"checkbox\" \n                        data-value=\"partner\"\n                        aria-checked=\"false\"\n                        aria-labelledby=\"partner-label\"\n                    >   \n                        <span>\n                            <div id=\"partner-label\" class=\"de-af-text\">Partner<\/div>\n                                                    <\/span>\n                    <\/div>\n                                    <div \n                        id=\"projekte\" \n                        tabindex='0' \n                        class=\"de-af-button-option\" \n                        role=\"checkbox\" \n                        data-value=\"projekte\"\n                        aria-checked=\"false\"\n                        aria-labelledby=\"projekte-label\"\n                    >   \n                        <span>\n                            <div id=\"projekte-label\" class=\"de-af-text\">Projects<\/div>\n                                                    <\/span>\n                    <\/div>\n                                    <div \n                        id=\"ressourcen-downloads\" \n                        tabindex='0' \n                        class=\"de-af-button-option\" \n                        role=\"checkbox\" \n                        data-value=\"ressourcen-downloads\"\n                        aria-checked=\"false\"\n                        aria-labelledby=\"ressourcen-downloads-label\"\n                    >   \n                        <span>\n                            <div id=\"ressourcen-downloads-label\" class=\"de-af-text\">Resources &amp; Downloads<\/div>\n                                                    <\/span>\n                    <\/div>\n                                    <div \n                        id=\"uncategorized\" \n                        tabindex='0' \n                        class=\"de-af-button-option\" \n                        role=\"checkbox\" \n                        data-value=\"uncategorized\"\n                        aria-checked=\"false\"\n                        aria-labelledby=\"uncategorized-label\"\n                    >   \n                        <span>\n                            <div id=\"uncategorized-label\" class=\"de-af-text\">Uncategorised<\/div>\n                                                    <\/span>\n                    <\/div>\n                            <\/div>\n        <\/div>\n\n        <\/div><div class=\"bde-post-list-2-124 bde-post-list\">    <div class=\"bde-isotope-filter-bar\">\n        <div class=\"bde-tabs\">\n            \n\n        \n      <select aria-label=\"Content tabs\" class=\"bde-tabs__select js-tab-select\">\n              <option value=\"all\" data-value=\"all\">More resources<\/option>\n      \n              <option value=\"tab-isotope-1\" data-value=\"39\">\n          Online seminars &amp; roundtables\n        <\/option>\n              <option value=\"tab-isotope-2\" data-value=\"1044\">\n          Resources &amp; Downloads\n        <\/option>\n              <option value=\"tab-isotope-3\" data-value=\"1045\">\n          News\n        <\/option>\n              <option value=\"tab-isotope-4\" data-value=\"30\">\n          Activities\n        <\/option>\n              <option value=\"tab-isotope-5\" data-value=\"11\">\n          Papers &amp; Research\n        <\/option>\n          <\/select>\n  \n  \n  <div class=\"bde-tabs__tabslist-container bde-tabs__tabslist-container--dropdown is-horizontal js-tabs-container\">\n    <div class=\"bde-tabs__tabslist bde-tabs__tabslist--default js-tablist\" role=\"tablist\" aria-label=\"Content tabs\" aria-orientation=\"horizontal\" data-tabs-id=\"isotope\">\n              <button role=\"tab\" aria-selected=\"false\" class=\"bde-tabs__tab js-tab\" aria-controls=\"tab-panel-isotope-all\" id=\"tab-isotope-all\" data-value=\"all\">\n          <span class=\"bde-tabs__tab-title\">More resources<\/span>\n        <\/button>\n      \n              <button role=\"tab\" aria-selected=\"false\" class=\"bde-tabs__tab js-tab\" aria-controls=\"tab-panel-isotope-1\" id=\"tab-isotope-1\" data-value=\"39\">\n                    <span class=\"bde-tabs__tab-title\">Online seminars &amp; roundtables<\/span>\n        <\/button>\n              <button role=\"tab\" aria-selected=\"false\" class=\"bde-tabs__tab js-tab\" aria-controls=\"tab-panel-isotope-2\" id=\"tab-isotope-2\" data-value=\"1044\">\n                    <span class=\"bde-tabs__tab-title\">Resources &amp; Downloads<\/span>\n        <\/button>\n              <button role=\"tab\" aria-selected=\"false\" class=\"bde-tabs__tab js-tab\" aria-controls=\"tab-panel-isotope-3\" id=\"tab-isotope-3\" data-value=\"1045\">\n                    <span class=\"bde-tabs__tab-title\">News<\/span>\n        <\/button>\n              <button role=\"tab\" aria-selected=\"false\" class=\"bde-tabs__tab js-tab\" aria-controls=\"tab-panel-isotope-4\" id=\"tab-isotope-4\" data-value=\"30\">\n                    <span class=\"bde-tabs__tab-title\">Activities<\/span>\n        <\/button>\n              <button role=\"tab\" aria-selected=\"false\" class=\"bde-tabs__tab js-tab\" aria-controls=\"tab-panel-isotope-5\" id=\"tab-isotope-5\" data-value=\"11\">\n                    <span class=\"bde-tabs__tab-title\">Papers &amp; Research<\/span>\n        <\/button>\n          <\/div>\n  <\/div>\n\n\n        <\/div>\n    <\/div>\n<div class=\"bde-loop bde-loop-grid ee-posts ee-posts-grid bde-loop-isotope ee-posts-isotope\">    <article class=\"bde-loop-item ee-post\" data-filters=\"39,1044\">\n                                <a class=\"bde-loop-item__image-link ee-post-image-link\" href=\"https:\/\/dev.circulareconomyforum.at\/en\/ghoerig-feschta\/\" tabindex=\"-1\">\n                <div class=\"bde-loop-item__image ee-post-image\">\n                    <img loading=\"lazy\" decoding=\"async\" width=\"2560\" height=\"1440\" src=\"https:\/\/dev.circulareconomyforum.at\/wp-content\/uploads\/2026\/07\/GF-thumbnail-NEU-07-zusammenfassung-scaled.jpg\" class=\"attachment-full size-full wp-post-image\" alt=\"gh\u00f6rig feschta\" srcset=\"https:\/\/dev.circulareconomyforum.at\/wp-content\/uploads\/2026\/07\/GF-thumbnail-NEU-07-zusammenfassung-scaled.jpg 2560w, https:\/\/dev.circulareconomyforum.at\/wp-content\/uploads\/2026\/07\/GF-thumbnail-NEU-07-zusammenfassung-300x169.jpg 300w, https:\/\/dev.circulareconomyforum.at\/wp-content\/uploads\/2026\/07\/GF-thumbnail-NEU-07-zusammenfassung-1024x576.jpg 1024w, https:\/\/dev.circulareconomyforum.at\/wp-content\/uploads\/2026\/07\/GF-thumbnail-NEU-07-zusammenfassung-768x432.jpg 768w, https:\/\/dev.circulareconomyforum.at\/wp-content\/uploads\/2026\/07\/GF-thumbnail-NEU-07-zusammenfassung-1536x864.jpg 1536w, https:\/\/dev.circulareconomyforum.at\/wp-content\/uploads\/2026\/07\/GF-thumbnail-NEU-07-zusammenfassung-2048x1152.jpg 2048w, https:\/\/dev.circulareconomyforum.at\/wp-content\/uploads\/2026\/07\/GF-thumbnail-NEU-07-zusammenfassung-18x10.jpg 18w\" sizes=\"auto, (max-width: 2560px) 100vw, 2560px\" \/>                <\/div>\n            <\/a>\n        \n        \n        <div class=\"bde-loop-item__wrap ee-post-wrap\">\n            \n                            <h3 class=\"ee-post-title\" >\n                    <a class=\"bde-loop-item__title-link ee-post-title-link\" href=\"https:\/\/dev.circulareconomyforum.at\/en\/ghoerig-feschta\/\"  tabindex=\"-1\">\n                        have a proper party                    <\/a>\n                <\/h3>\n                            <div class=\"bde-loop-item__content ee-post-content\">\n                    \u2018Sustainable Event Organisation in Vorarlberg: Let\u2019s Have a Proper Party!\u2019 is an initiative launched by the Vorarlberg Association of Local Authorities to promote sustainable events. It supports local authorities, clubs, businesses and other event organisers in organising events in a way that conserves resources, is socially responsible and sustainable\u2026                <\/div>\n            \n        \n    \n    \n    \n                            \n            \n                    \n            \n            \n\n    \n    \n    \n    \n                            \n    <a class=\"breakdance-link button-atom button-atom--primary bde-loop-item__button ee-post-button\" href=\"https:\/\/dev.circulareconomyforum.at\/en\/ghoerig-feschta\/\" target=\"_self\" data-type=\"url\"  aria-label=\"Read more about \u2018gh\u00f6rig feschta\u2019\" >\n\n    \n        <span class=\"button-atom__text\">Read more<\/span>\n\n        \n        \n                <\/a>\n\n    \n\n\n\n\n            \n        <\/div>\n\n    <\/article>\n\n    <article class=\"bde-loop-item ee-post\" data-filters=\"1045,1\">\n                                <a class=\"bde-loop-item__image-link ee-post-image-link\" href=\"https:\/\/dev.circulareconomyforum.at\/en\/shaping-the-future-of-industry-circular-cleaner-competitive\/\" tabindex=\"-1\">\n                <div class=\"bde-loop-item__image ee-post-image\">\n                    <img loading=\"lazy\" decoding=\"async\" width=\"2560\" height=\"1439\" src=\"https:\/\/dev.circulareconomyforum.at\/wp-content\/uploads\/2026\/07\/UNIDO-TCS-CEG_CEGI-Week_StD-scaled.png\" class=\"attachment-full size-full wp-post-image\" alt=\"Shaping the Future of Industry. Circular. Cleaner. Competitive.\" srcset=\"https:\/\/dev.circulareconomyforum.at\/wp-content\/uploads\/2026\/07\/UNIDO-TCS-CEG_CEGI-Week_StD-scaled.png 2560w, https:\/\/dev.circulareconomyforum.at\/wp-content\/uploads\/2026\/07\/UNIDO-TCS-CEG_CEGI-Week_StD-300x169.png 300w, https:\/\/dev.circulareconomyforum.at\/wp-content\/uploads\/2026\/07\/UNIDO-TCS-CEG_CEGI-Week_StD-1024x575.png 1024w, https:\/\/dev.circulareconomyforum.at\/wp-content\/uploads\/2026\/07\/UNIDO-TCS-CEG_CEGI-Week_StD-768x432.png 768w, https:\/\/dev.circulareconomyforum.at\/wp-content\/uploads\/2026\/07\/UNIDO-TCS-CEG_CEGI-Week_StD-1536x863.png 1536w, https:\/\/dev.circulareconomyforum.at\/wp-content\/uploads\/2026\/07\/UNIDO-TCS-CEG_CEGI-Week_StD-2048x1151.png 2048w, https:\/\/dev.circulareconomyforum.at\/wp-content\/uploads\/2026\/07\/UNIDO-TCS-CEG_CEGI-Week_StD-18x10.png 18w\" sizes=\"auto, (max-width: 2560px) 100vw, 2560px\" \/>                <\/div>\n            <\/a>\n        \n        \n        <div class=\"bde-loop-item__wrap ee-post-wrap\">\n            \n                            <h3 class=\"ee-post-title\" >\n                    <a class=\"bde-loop-item__title-link ee-post-title-link\" href=\"https:\/\/dev.circulareconomyforum.at\/en\/shaping-the-future-of-industry-circular-cleaner-competitive\/\"  tabindex=\"-1\">\n                        Shaping the Future of Industry. Circular. Cleaner. Competitive.                    <\/a>\n                <\/h3>\n                            <div class=\"bde-loop-item__content ee-post-content\">\n                    The Circular Economy &amp; Green Industry Week 2026, 2\u20134 November, organised by the United Nations Industrial Development Organisation (UNIDO), will bring together policymakers, business leaders, financial institutions, international organisations, researchers and\u2026                <\/div>\n            \n        \n    \n    \n    \n                            \n            \n                    \n            \n            \n\n    \n    \n    \n    \n                            \n    <a class=\"breakdance-link button-atom button-atom--primary bde-loop-item__button ee-post-button\" href=\"https:\/\/dev.circulareconomyforum.at\/en\/shaping-the-future-of-industry-circular-cleaner-competitive\/\" target=\"_self\" data-type=\"url\"  aria-label=\"Read more about Shaping the Future of Industry: Circular. Cleaner. Competitive.\" >\n\n    \n        <span class=\"button-atom__text\">Read more<\/span>\n\n        \n        \n                <\/a>\n\n    \n\n\n\n\n            \n        <\/div>\n\n    <\/article>\n\n    <article class=\"bde-loop-item ee-post\" data-filters=\"30,1045\">\n                                <a class=\"bde-loop-item__image-link ee-post-image-link\" href=\"https:\/\/dev.circulareconomyforum.at\/en\/nachbericht-6-ooe-jugendklimagipfel-rethink-reuse-redesign\/\" tabindex=\"-1\">\n                <div class=\"bde-loop-item__image ee-post-image\">\n                    <img loading=\"lazy\" decoding=\"async\" width=\"2560\" height=\"1280\" src=\"https:\/\/dev.circulareconomyforum.at\/wp-content\/uploads\/2026\/07\/unnamed-file-scaled.png\" class=\"attachment-full size-full wp-post-image\" alt=\"Nachbericht: 6. O\u00d6 Jugendklimagipfel \u201eRe: Think \u2013 Re: Use \u2013 Re: Design\u201c\" srcset=\"https:\/\/dev.circulareconomyforum.at\/wp-content\/uploads\/2026\/07\/unnamed-file-scaled.png 2560w, https:\/\/dev.circulareconomyforum.at\/wp-content\/uploads\/2026\/07\/unnamed-file-300x150.png 300w, https:\/\/dev.circulareconomyforum.at\/wp-content\/uploads\/2026\/07\/unnamed-file-1024x512.png 1024w, https:\/\/dev.circulareconomyforum.at\/wp-content\/uploads\/2026\/07\/unnamed-file-768x384.png 768w, https:\/\/dev.circulareconomyforum.at\/wp-content\/uploads\/2026\/07\/unnamed-file-1536x768.png 1536w, https:\/\/dev.circulareconomyforum.at\/wp-content\/uploads\/2026\/07\/unnamed-file-2048x1024.png 2048w, https:\/\/dev.circulareconomyforum.at\/wp-content\/uploads\/2026\/07\/unnamed-file-18x9.png 18w\" sizes=\"auto, (max-width: 2560px) 100vw, 2560px\" \/>                <\/div>\n            <\/a>\n        \n        \n        <div class=\"bde-loop-item__wrap ee-post-wrap\">\n            \n                            <h3 class=\"ee-post-title\" >\n                    <a class=\"bde-loop-item__title-link ee-post-title-link\" href=\"https:\/\/dev.circulareconomyforum.at\/en\/nachbericht-6-ooe-jugendklimagipfel-rethink-reuse-redesign\/\"  tabindex=\"-1\">\n                        Follow-up report: 6th Upper Austria Youth Climate Summit \u201eRe: Think \u2013 Re: Use \u2013 Re: Design\u201c                    <\/a>\n                <\/h3>\n                            <div class=\"bde-loop-item__content ee-post-content\">\n                    At the 6th Upper Austrian Youth Climate Summit, \u201eRe:Think \u2013 Re:Use \u2013 Re:Design\u201c, held at JKU Linz, the Circular Economy Forum Austria, represented by board member Elena Stelzig, took part in an exciting panel discussion. Together\u2026                <\/div>\n            \n        \n    \n    \n    \n                            \n            \n                    \n            \n            \n\n    \n    \n    \n    \n                            \n    <a class=\"breakdance-link button-atom button-atom--primary bde-loop-item__button ee-post-button\" href=\"https:\/\/dev.circulareconomyforum.at\/en\/nachbericht-6-ooe-jugendklimagipfel-rethink-reuse-redesign\/\" target=\"_self\" data-type=\"url\"  aria-label=\"Read more about the follow-up report: 6th Upper Austria Youth Climate Summit \u201eRe: Think \u2013 Re: Use \u2013 Re: Design\u201c\" >\n\n    \n        <span class=\"button-atom__text\">Read more<\/span>\n\n        \n        \n                <\/a>\n\n    \n\n\n\n\n            \n        <\/div>\n\n    <\/article>\n\n    <article class=\"bde-loop-item ee-post\" data-filters=\"30,1045\">\n                                <a class=\"bde-loop-item__image-link ee-post-image-link\" href=\"https:\/\/dev.circulareconomyforum.at\/en\/leerstand-und-brachflaechen\/\" tabindex=\"-1\">\n                <div class=\"bde-loop-item__image ee-post-image\">\n                    <img loading=\"lazy\" decoding=\"async\" width=\"2363\" height=\"1335\" src=\"https:\/\/dev.circulareconomyforum.at\/wp-content\/uploads\/2026\/07\/Screenshot-2026-07-09-at-19.35.47.png\" class=\"attachment-full size-full wp-post-image\" alt=\"Leerstand und Brachfl\u00e4chen\" srcset=\"https:\/\/dev.circulareconomyforum.at\/wp-content\/uploads\/2026\/07\/Screenshot-2026-07-09-at-19.35.47.png 2363w, https:\/\/dev.circulareconomyforum.at\/wp-content\/uploads\/2026\/07\/Screenshot-2026-07-09-at-19.35.47-300x169.png 300w, https:\/\/dev.circulareconomyforum.at\/wp-content\/uploads\/2026\/07\/Screenshot-2026-07-09-at-19.35.47-1024x579.png 1024w, https:\/\/dev.circulareconomyforum.at\/wp-content\/uploads\/2026\/07\/Screenshot-2026-07-09-at-19.35.47-768x434.png 768w, https:\/\/dev.circulareconomyforum.at\/wp-content\/uploads\/2026\/07\/Screenshot-2026-07-09-at-19.35.47-1536x868.png 1536w, https:\/\/dev.circulareconomyforum.at\/wp-content\/uploads\/2026\/07\/Screenshot-2026-07-09-at-19.35.47-2048x1157.png 2048w, https:\/\/dev.circulareconomyforum.at\/wp-content\/uploads\/2026\/07\/Screenshot-2026-07-09-at-19.35.47-18x10.png 18w\" sizes=\"auto, (max-width: 2363px) 100vw, 2363px\" \/>                <\/div>\n            <\/a>\n        \n        \n        <div class=\"bde-loop-item__wrap ee-post-wrap\">\n            \n                            <h3 class=\"ee-post-title\" >\n                    <a class=\"bde-loop-item__title-link ee-post-title-link\" href=\"https:\/\/dev.circulareconomyforum.at\/en\/leerstand-und-brachflaechen\/\"  tabindex=\"-1\">\n                        Vacancies and brownfield sites                    <\/a>\n                <\/h3>\n                            <div class=\"bde-loop-item__content ee-post-content\">\n                    Rethinking land use, harnessing potential for local authorities As part of the webinar series organised by the Team Kreislaufwirtschaft project, the topic on 25 June was \u201eVacant and derelict sites \u2013 options for action for local authorities and regions\u201c\u2026                <\/div>\n            \n        \n    \n    \n    \n                            \n            \n                    \n            \n            \n\n    \n    \n    \n    \n                            \n    <a class=\"breakdance-link button-atom button-atom--primary bde-loop-item__button ee-post-button\" href=\"https:\/\/dev.circulareconomyforum.at\/en\/leerstand-und-brachflaechen\/\" target=\"_self\" data-type=\"url\"  aria-label=\"Read more about vacant properties and brownfield sites\" >\n\n    \n        <span class=\"button-atom__text\">Read more<\/span>\n\n        \n        \n                <\/a>\n\n    \n\n\n\n\n            \n        <\/div>\n\n    <\/article>\n\n    <article class=\"bde-loop-item ee-post\" data-filters=\"30,1045,1044\">\n                                <a class=\"bde-loop-item__image-link ee-post-image-link\" href=\"https:\/\/dev.circulareconomyforum.at\/en\/madaster-free\/\" tabindex=\"-1\">\n                <div class=\"bde-loop-item__image ee-post-image\">\n                    <img loading=\"lazy\" decoding=\"async\" width=\"1200\" height=\"800\" src=\"https:\/\/dev.circulareconomyforum.at\/wp-content\/uploads\/2026\/06\/Madaster-AT.png\" class=\"attachment-full size-full wp-post-image\" alt=\"Madaster Free mit Kirchdorfer gestartet: \u00d6kobilanzierung und Materialp\u00e4sse jetzt kostenlos verf\u00fcgbar.\" srcset=\"https:\/\/dev.circulareconomyforum.at\/wp-content\/uploads\/2026\/06\/Madaster-AT.png 1200w, https:\/\/dev.circulareconomyforum.at\/wp-content\/uploads\/2026\/06\/Madaster-AT-300x200.png 300w, https:\/\/dev.circulareconomyforum.at\/wp-content\/uploads\/2026\/06\/Madaster-AT-1024x683.png 1024w, https:\/\/dev.circulareconomyforum.at\/wp-content\/uploads\/2026\/06\/Madaster-AT-768x512.png 768w, https:\/\/dev.circulareconomyforum.at\/wp-content\/uploads\/2026\/06\/Madaster-AT-18x12.png 18w\" sizes=\"auto, (max-width: 1200px) 100vw, 1200px\" \/>                <\/div>\n            <\/a>\n        \n        \n        <div class=\"bde-loop-item__wrap ee-post-wrap\">\n            \n                            <h3 class=\"ee-post-title\" >\n                    <a class=\"bde-loop-item__title-link ee-post-title-link\" href=\"https:\/\/dev.circulareconomyforum.at\/en\/madaster-free\/\"  tabindex=\"-1\">\n                        Madaster Free launched in partnership with Kirchdorfer: life cycle assessments and material passports are now available free of charge.                    <\/a>\n                <\/h3>\n                            <div class=\"bde-loop-item__content ee-post-content\">\n                    Madaster Free was recently launched: the new platform offers key circular economy tools free of charge \u2013 ranging from comprehensive product data to life cycle assessment and circularity assessment, right through to digital stock-taking \u2013 and makes it easier to get started\u2026                <\/div>\n            \n        \n    \n    \n    \n                            \n            \n                    \n            \n            \n\n    \n    \n    \n    \n                            \n    <a class=\"breakdance-link button-atom button-atom--primary bde-loop-item__button ee-post-button\" href=\"https:\/\/dev.circulareconomyforum.at\/en\/madaster-free\/\" target=\"_self\" data-type=\"url\"  aria-label=\"Read more about the launch of Madaster Free in partnership with Kirchdorfer: life cycle assessments and material passports are now available free of charge.\" >\n\n    \n        <span class=\"button-atom__text\">Read more<\/span>\n\n        \n        \n                <\/a>\n\n    \n\n\n\n\n            \n        <\/div>\n\n    <\/article>\n\n    <article class=\"bde-loop-item ee-post\" data-filters=\"30,1045\">\n                                <a class=\"bde-loop-item__image-link ee-post-image-link\" href=\"https:\/\/dev.circulareconomyforum.at\/en\/circular-economy-kompetenzen-standards\/\" tabindex=\"-1\">\n                <div class=\"bde-loop-item__image ee-post-image\">\n                    <img loading=\"lazy\" decoding=\"async\" width=\"1920\" height=\"1080\" src=\"https:\/\/dev.circulareconomyforum.at\/wp-content\/uploads\/2026\/06\/CEFA-Sujets_Online-Roundtables-Webinare_Banner.png\" class=\"attachment-full size-full wp-post-image\" alt=\"Circular Economy Kompetenzen &amp; Standards: Welche F\u00e4higkeiten braucht die Transformation?\" srcset=\"https:\/\/dev.circulareconomyforum.at\/wp-content\/uploads\/2026\/06\/CEFA-Sujets_Online-Roundtables-Webinare_Banner.png 1920w, https:\/\/dev.circulareconomyforum.at\/wp-content\/uploads\/2026\/06\/CEFA-Sujets_Online-Roundtables-Webinare_Banner-300x169.png 300w, https:\/\/dev.circulareconomyforum.at\/wp-content\/uploads\/2026\/06\/CEFA-Sujets_Online-Roundtables-Webinare_Banner-1024x576.png 1024w, https:\/\/dev.circulareconomyforum.at\/wp-content\/uploads\/2026\/06\/CEFA-Sujets_Online-Roundtables-Webinare_Banner-768x432.png 768w, https:\/\/dev.circulareconomyforum.at\/wp-content\/uploads\/2026\/06\/CEFA-Sujets_Online-Roundtables-Webinare_Banner-1536x864.png 1536w, https:\/\/dev.circulareconomyforum.at\/wp-content\/uploads\/2026\/06\/CEFA-Sujets_Online-Roundtables-Webinare_Banner-18x10.png 18w\" sizes=\"auto, (max-width: 1920px) 100vw, 1920px\" \/>                <\/div>\n            <\/a>\n        \n        \n        <div class=\"bde-loop-item__wrap ee-post-wrap\">\n            \n                            <h3 class=\"ee-post-title\" >\n                    <a class=\"bde-loop-item__title-link ee-post-title-link\" href=\"https:\/\/dev.circulareconomyforum.at\/en\/circular-economy-kompetenzen-standards\/\"  tabindex=\"-1\">\n                        Circular Economy Skills &amp; Standards: What skills are needed for the transition?                    <\/a>\n                <\/h3>\n                            <div class=\"bde-loop-item__content ee-post-content\">\n                    On 17 June 2026, the Circular Economy Forum Austria\u2019s webinar explored the question of which skills, job profiles and standards are key to implementing the circular economy. The focus was on\u2026                <\/div>\n            \n        \n    \n    \n    \n                            \n            \n                    \n            \n            \n\n    \n    \n    \n    \n                            \n    <a class=\"breakdance-link button-atom button-atom--primary bde-loop-item__button ee-post-button\" href=\"https:\/\/dev.circulareconomyforum.at\/en\/circular-economy-kompetenzen-standards\/\" target=\"_self\" data-type=\"url\"  aria-label=\"Read more about Circular Economy Skills &amp; Standards: What skills are needed for the transition?\" >\n\n    \n        <span class=\"button-atom__text\">Read more<\/span>\n\n        \n        \n                <\/a>\n\n    \n\n\n\n\n            \n        <\/div>\n\n    <\/article>\n\n    <article class=\"bde-loop-item ee-post\" data-filters=\"11,1044\">\n                                <a class=\"bde-loop-item__image-link ee-post-image-link\" href=\"https:\/\/dev.circulareconomyforum.at\/en\/aus-truemmern-werte-schaffen\/\" tabindex=\"-1\">\n                <div class=\"bde-loop-item__image ee-post-image\">\n                    <img loading=\"lazy\" decoding=\"async\" width=\"1920\" height=\"1080\" src=\"https:\/\/dev.circulareconomyforum.at\/wp-content\/uploads\/2026\/06\/AusTr.png\" class=\"attachment-full size-full wp-post-image\" alt=\"Aus Tr\u00fcmmern Werte schaffen\" srcset=\"https:\/\/dev.circulareconomyforum.at\/wp-content\/uploads\/2026\/06\/AusTr.png 1920w, https:\/\/dev.circulareconomyforum.at\/wp-content\/uploads\/2026\/06\/AusTr-300x169.png 300w, https:\/\/dev.circulareconomyforum.at\/wp-content\/uploads\/2026\/06\/AusTr-1024x576.png 1024w, https:\/\/dev.circulareconomyforum.at\/wp-content\/uploads\/2026\/06\/AusTr-768x432.png 768w, https:\/\/dev.circulareconomyforum.at\/wp-content\/uploads\/2026\/06\/AusTr-1536x864.png 1536w, https:\/\/dev.circulareconomyforum.at\/wp-content\/uploads\/2026\/06\/AusTr-18x10.png 18w\" sizes=\"auto, (max-width: 1920px) 100vw, 1920px\" \/>                <\/div>\n            <\/a>\n        \n        \n        <div class=\"bde-loop-item__wrap ee-post-wrap\">\n            \n                            <h3 class=\"ee-post-title\" >\n                    <a class=\"bde-loop-item__title-link ee-post-title-link\" href=\"https:\/\/dev.circulareconomyforum.at\/en\/aus-truemmern-werte-schaffen\/\"  tabindex=\"-1\">\n                        Creating value from rubble                    <\/a>\n                <\/h3>\n                            <div class=\"bde-loop-item__content ee-post-content\">\n                    Ukraine's cycle-orientated reconstruction strategy Ukraine has to rebuild under war conditions - which is precisely why it cannot afford to waste resources in a linear fashion. Especially when rebuilding a country...                <\/div>\n            \n        \n    \n    \n    \n                            \n            \n                    \n            \n            \n\n    \n    \n    \n    \n                            \n    <a class=\"breakdance-link button-atom button-atom--primary bde-loop-item__button ee-post-button\" href=\"https:\/\/dev.circulareconomyforum.at\/en\/aus-truemmern-werte-schaffen\/\" target=\"_self\" data-type=\"url\"  aria-label=\"Read more about Creating value from rubble\" >\n\n    \n        <span class=\"button-atom__text\">Read more<\/span>\n\n        \n        \n                <\/a>\n\n    \n\n\n\n\n            \n        <\/div>\n\n    <\/article>\n\n    <article class=\"bde-loop-item ee-post\" data-filters=\"30,1045,11,1044\">\n                                <a class=\"bde-loop-item__image-link ee-post-image-link\" href=\"https:\/\/dev.circulareconomyforum.at\/en\/wie-wird-kreislaufwirtschaft-finanzierbar\/\" tabindex=\"-1\">\n                <div class=\"bde-loop-item__image ee-post-image\">\n                    <img loading=\"lazy\" decoding=\"async\" width=\"2000\" height=\"1414\" src=\"https:\/\/dev.circulareconomyforum.at\/wp-content\/uploads\/2026\/05\/Circular-finance-Journey-Canvas-de.pdf.png\" class=\"attachment-full size-full wp-post-image\" alt=\"Deep Dive Circular Finance: Wie wird Kreislaufwirtschaft finanzierbar?\" srcset=\"https:\/\/dev.circulareconomyforum.at\/wp-content\/uploads\/2026\/05\/Circular-finance-Journey-Canvas-de.pdf.png 2000w, https:\/\/dev.circulareconomyforum.at\/wp-content\/uploads\/2026\/05\/Circular-finance-Journey-Canvas-de.pdf-300x212.png 300w, https:\/\/dev.circulareconomyforum.at\/wp-content\/uploads\/2026\/05\/Circular-finance-Journey-Canvas-de.pdf-1024x724.png 1024w, https:\/\/dev.circulareconomyforum.at\/wp-content\/uploads\/2026\/05\/Circular-finance-Journey-Canvas-de.pdf-768x543.png 768w, https:\/\/dev.circulareconomyforum.at\/wp-content\/uploads\/2026\/05\/Circular-finance-Journey-Canvas-de.pdf-1536x1086.png 1536w, https:\/\/dev.circulareconomyforum.at\/wp-content\/uploads\/2026\/05\/Circular-finance-Journey-Canvas-de.pdf-18x12.png 18w\" sizes=\"auto, (max-width: 2000px) 100vw, 2000px\" \/>                <\/div>\n            <\/a>\n        \n        \n        <div class=\"bde-loop-item__wrap ee-post-wrap\">\n            \n                            <h3 class=\"ee-post-title\" >\n                    <a class=\"bde-loop-item__title-link ee-post-title-link\" href=\"https:\/\/dev.circulareconomyforum.at\/en\/wie-wird-kreislaufwirtschaft-finanzierbar\/\"  tabindex=\"-1\">\n                        Deep Dive Circular Finance: How can the circular economy be financed?                    <\/a>\n                <\/h3>\n                            <div class=\"bde-loop-item__content ee-post-content\">\n                    The transformation to a circular economy is no longer just a question of technological feasibility. Many circular solutions are already technically feasible - but in order for them to scale, they must also be...                <\/div>\n            \n        \n    \n    \n    \n                            \n            \n                    \n            \n            \n\n    \n    \n    \n    \n                            \n    <a class=\"breakdance-link button-atom button-atom--primary bde-loop-item__button ee-post-button\" href=\"https:\/\/dev.circulareconomyforum.at\/en\/wie-wird-kreislaufwirtschaft-finanzierbar\/\" target=\"_self\" data-type=\"url\"  aria-label=\"Read more about Deep Dive Circular Finance: How can the circular economy be financed?\" >\n\n    \n        <span class=\"button-atom__text\">Read more<\/span>\n\n        \n        \n                <\/a>\n\n    \n\n\n\n\n            \n        <\/div>\n\n    <\/article>\n\n<div class=\"bde-loop-item-gutter ee-post-gutter\"><\/div><div class=\"bde-loop-item-sizer ee-post-sizer\"><\/div><\/div><\/div><\/div>\n<\/section><section class=\"bde-section-2-168 bde-section\">\n              \n  \n  \n\t\n\n\n\n<div class=\"section-container\"><div class=\"bde-text-2-169 bde-text\">\nCurrent resources\n<\/div><h2 class=\"bde-heading-2-170 bde-heading\">\nInteger elementum blandit nisl<br>non volutpat vivamus\n<\/h2><div class=\"bde-post-loop-2-171 bde-post-loop\">    <div class=\"bde-isotope-filter-bar\">\n        <div class=\"bde-tabs\">\n            \n\n        \n      <select aria-label=\"Content tabs\" class=\"bde-tabs__select js-tab-select\">\n              <option value=\"all\" data-value=\"all\">All projects<\/option>\n      \n              <option value=\"tab-isotope-1\" data-value=\"39\">\n          Online seminars &amp; roundtables\n        <\/option>\n              <option value=\"tab-isotope-2\" data-value=\"1044\">\n          Resources &amp; Downloads\n        <\/option>\n              <option value=\"tab-isotope-3\" data-value=\"1045\">\n          News\n        <\/option>\n              <option value=\"tab-isotope-4\" data-value=\"30\">\n          Activities\n        <\/option>\n          <\/select>\n  \n  \n  <div class=\"bde-tabs__tabslist-container bde-tabs__tabslist-container--dropdown is-horizontal js-tabs-container\">\n    <div class=\"bde-tabs__tabslist bde-tabs__tabslist--default js-tablist\" role=\"tablist\" aria-label=\"Content tabs\" aria-orientation=\"horizontal\" data-tabs-id=\"isotope\">\n              <button role=\"tab\" aria-selected=\"false\" class=\"bde-tabs__tab js-tab\" aria-controls=\"tab-panel-isotope-all\" id=\"tab-isotope-all\" data-value=\"all\">\n          <span class=\"bde-tabs__tab-title\">All projects<\/span>\n        <\/button>\n      \n              <button role=\"tab\" aria-selected=\"false\" class=\"bde-tabs__tab js-tab\" aria-controls=\"tab-panel-isotope-1\" id=\"tab-isotope-1\" data-value=\"39\">\n                    <span class=\"bde-tabs__tab-title\">Online seminars &amp; roundtables<\/span>\n        <\/button>\n              <button role=\"tab\" aria-selected=\"false\" class=\"bde-tabs__tab js-tab\" aria-controls=\"tab-panel-isotope-2\" id=\"tab-isotope-2\" data-value=\"1044\">\n                    <span class=\"bde-tabs__tab-title\">Resources &amp; Downloads<\/span>\n        <\/button>\n              <button role=\"tab\" aria-selected=\"false\" class=\"bde-tabs__tab js-tab\" aria-controls=\"tab-panel-isotope-3\" id=\"tab-isotope-3\" data-value=\"1045\">\n                    <span class=\"bde-tabs__tab-title\">News<\/span>\n        <\/button>\n              <button role=\"tab\" aria-selected=\"false\" class=\"bde-tabs__tab js-tab\" aria-controls=\"tab-panel-isotope-4\" id=\"tab-isotope-4\" data-value=\"30\">\n                    <span class=\"bde-tabs__tab-title\">Activities<\/span>\n        <\/button>\n          <\/div>\n  <\/div>\n\n\n        <\/div>\n    <\/div>\n<div class=\"bde-loop bde-loop-grid ee-posts ee-posts-grid bde-loop-isotope ee-posts-isotope\">    <article class=\"bde-loop-item ee-post\" data-filters=\"39,1044\">\n        <div class=\"bde-div-7597-115-12047-7597-1 bde-div bde-div-7597-115\">\n  \n  \n\t\n\n\n\n<style>.breakdance .bde-div-7597-109-12047-7597-1{background-image:url(https:\/\/dev.circulareconomyforum.at\/wp-content\/uploads\/2026\/07\/GF-thumbnail-NEU-07-zusammenfassung-scaled.jpg);background-size:contain;background-repeat:no-repeat;background-position:center center}@media (max-width:1023px){.breakdance .bde-div-7597-109-12047-7597-1{background-size:cover;background-repeat:no-repeat;background-position:center center}}<\/style><div class=\"bde-div-7597-109-12047-7597-1 bde-div bde-div-7597-109\">\n  \n  \n\t\n\n\n\n\n<\/div><div class=\"bde-div-7597-110-12047-7597-1 bde-div bde-div-7597-110\">\n  \n  \n\t\n\n\n\n<div class=\"bde-div-7597-111-12047-7597-1 bde-div bde-div-7597-111\">\n  \n  \n\t\n\n\n\n<h3 class=\"bde-heading-7597-112-12047-7597-1 bde-heading bde-heading-7597-112\">\nhave a proper party\n<\/h3><div class=\"bde-text-7597-113-12047-7597-1 bde-text bde-text-7597-113\">\n\u2018Sustainable Events in Vorarlberg: Let\u2019s Party in Style\u2019 is an initiative launched by the Vorarlberg Association of Local Authorities to promote sustainable events. It supports local authorities, clubs, businesses and others...\n<\/div>\n<\/div><a class=\"bde-text-link-7597-114-12047-7597-1 bde-text-link bde-text-link-7597-114 breakdance-link\" href=\"https:\/\/dev.circulareconomyforum.at\/en\/ghoerig-feschta\/\" target=\"_self\" data-type=\"url\">\n  Learn more\n\n<\/a>\n<\/div>\n<\/div>    <\/article>\n    <article class=\"bde-loop-item ee-post\" data-filters=\"1045,1\">\n        <div class=\"bde-div-7597-115-11989-7597-1 bde-div bde-div-7597-115\">\n  \n  \n\t\n\n\n\n<style>.breakdance .bde-div-7597-109-11989-7597-1{background-image:url(https:\/\/dev.circulareconomyforum.at\/wp-content\/uploads\/2026\/07\/UNIDO-TCS-CEG_CEGI-Week_StD-scaled.png);background-size:contain;background-repeat:no-repeat;background-position:center center}@media (max-width:1023px){.breakdance .bde-div-7597-109-11989-7597-1{background-size:cover;background-repeat:no-repeat;background-position:center center}}<\/style><div class=\"bde-div-7597-109-11989-7597-1 bde-div bde-div-7597-109\">\n  \n  \n\t\n\n\n\n\n<\/div><div class=\"bde-div-7597-110-11989-7597-1 bde-div bde-div-7597-110\">\n  \n  \n\t\n\n\n\n<div class=\"bde-div-7597-111-11989-7597-1 bde-div bde-div-7597-111\">\n  \n  \n\t\n\n\n\n<h3 class=\"bde-heading-7597-112-11989-7597-1 bde-heading bde-heading-7597-112\">\nShaping the Future of Industry. Circular. Cleaner. Competitive.\n<\/h3><div class=\"bde-text-7597-113-11989-7597-1 bde-text bde-text-7597-113\">\nThe Circular Economy &amp; Green Industry Week 2026, 2\u20134 November, organised by the United Nations Industrial Development Organisation (UNIDO), will bring together policymakers, business leaders,...\n<\/div>\n<\/div><a class=\"bde-text-link-7597-114-11989-7597-1 bde-text-link bde-text-link-7597-114 breakdance-link\" href=\"https:\/\/dev.circulareconomyforum.at\/en\/shaping-the-future-of-industry-circular-cleaner-competitive\/\" target=\"_self\" data-type=\"url\">\n  Learn more\n\n<\/a>\n<\/div>\n<\/div>    <\/article>\n    <article class=\"bde-loop-item ee-post\" data-filters=\"30,1045\">\n        <div class=\"bde-div-7597-115-11941-7597-1 bde-div bde-div-7597-115\">\n  \n  \n\t\n\n\n\n<style>.breakdance .bde-div-7597-109-11941-7597-1{background-image:url(https:\/\/dev.circulareconomyforum.at\/wp-content\/uploads\/2026\/07\/unnamed-file-scaled.png);background-size:contain;background-repeat:no-repeat;background-position:center center}@media (max-width:1023px){.breakdance .bde-div-7597-109-11941-7597-1{background-size:cover;background-repeat:no-repeat;background-position:center center}}<\/style><div class=\"bde-div-7597-109-11941-7597-1 bde-div bde-div-7597-109\">\n  \n  \n\t\n\n\n\n\n<\/div><div class=\"bde-div-7597-110-11941-7597-1 bde-div bde-div-7597-110\">\n  \n  \n\t\n\n\n\n<div class=\"bde-div-7597-111-11941-7597-1 bde-div bde-div-7597-111\">\n  \n  \n\t\n\n\n\n<h3 class=\"bde-heading-7597-112-11941-7597-1 bde-heading bde-heading-7597-112\">\nFollow-up report: 6th Upper Austria Youth Climate Summit \u201eRe: Think \u2013 Re: Use \u2013 Re: Design\u201c\n<\/h3><div class=\"bde-text-7597-113-11941-7597-1 bde-text bde-text-7597-113\">\nAt the 6th Upper Austrian Youth Climate Summit, \u201eRe:Think \u2013 Re:Use \u2013 Re:Design\u201c, held at JKU Linz, the Circular Economy Forum Austria, represented by board member Elena Stelzig, took part in an exciting panel discussion...\n<\/div>\n<\/div><a class=\"bde-text-link-7597-114-11941-7597-1 bde-text-link bde-text-link-7597-114 breakdance-link\" href=\"https:\/\/dev.circulareconomyforum.at\/en\/nachbericht-6-ooe-jugendklimagipfel-rethink-reuse-redesign\/\" target=\"_self\" data-type=\"url\">\n  Learn more\n\n<\/a>\n<\/div>\n<\/div>    <\/article>\n<div class=\"bde-loop-item-gutter ee-post-gutter\"><\/div><div class=\"bde-loop-item-sizer ee-post-sizer\"><\/div><\/div>\n<\/div><\/div>\n<\/section><section class=\"bde-section-2-159 bde-section\">\n  \n  \n\t\n\n\n\n<div class=\"section-container\"><div class=\"bde-div-2-160 bde-div\">\n  \n  \n\t\n\n\n\n<div class=\"bde-div-2-161 bde-div\">\n  \n  \n\t\n\n\n\n<div class=\"bde-text-2-162 bde-text\">\nEnquiry form\n<\/div><h2 class=\"bde-heading-2-163 bde-heading\">\nLorem ipsum dolor\n<\/h2>\n<\/div><div class=\"bde-div-2-164 bde-div\">\n  \n  \n\t\n\n\n\n<div class=\"bde-text-2-165 bde-text\">\nEtiam facilisis sit amet lectus eu sollicitudin. Pellentesque ipsum orci, euismod vel risus id, fermentum viverra ligula. Nunc diam lacus, euismod eget lacinia et, auctor et felis. Ut id massa faucibus, ornare tortor non, eleifend purus.\n<\/div><div class=\"bde-button-2-166 bde-button\">\n        \n    \n    \n    \n    \n            \n                    \n            \n            \n\n    \n    \n    \n    \n    \n    <a class=\"breakdance-link button-atom button-atom--primary bde-button__button\" href=\"https:\/\/dev.circulareconomyforum.at\/en\/anfrage-ressourcen-downloads\/\" target=\"_self\" data-type=\"url\"  >\n\n    \n        <span class=\"button-atom__text\">To the application form<\/span>\n\n        \n        \n                <\/a>\n\n    \n\n\n<\/div>\n<\/div>\n<\/div><\/div>\n<\/section><section class=\"bde-section-2-125 bde-section\">\n  \n  \n\t\n\n\n\n<div class=\"section-container\"><div class=\"bde-text-2-126 bde-text\">\nNullam imperdiet <br>ornare magna sit amet porta\n<\/div><h2 class=\"bde-heading-2-127 bde-heading\">\nJoin the Circle!\n<\/h2><div class=\"bde-div-2-128 bde-div\">\n  \n  \n\t\n\n\n\n<div class=\"bde-div-2-130 bde-div\">\n  \n  \n\t\n\n\n\n<div class=\"bde-text-2-145 bde-text\">\n<span>Members, funding partners and consultants<\/span>\u00a0support the work of the Circular Economy Forum Austria and help to establish the circular economy in Austria. In doing so, they position themselves as active advocates of the regenerative circular economy and gain public visibility on the topic.<br><br>Consultants, funding partners and members benefit from the Circular Economy Forum Austria's international and national network and receive relevant information and invitations to the Forum's formats and programmes.\n<\/div>\n<\/div>\n<\/div><\/div>\n<\/section><section class=\"bde-section-2-143 bde-section\">\n  \n  \n\t\n\n\n\n<div class=\"section-container\"><div class=\"bde-frequently-asked-questions-2-144 bde-frequently-asked-questions\">\n      <div class=\"bde-faq__item\">\n      <h3 class=\"bde-faq__title-tag\">\n       <button id=\"bde-faq-144-button-1\" aria-expanded=\"false\" aria-controls=\"bde-faq-144-1\" class=\"bde-faq__question js-faq-item\">\n          <span class=\"bde-faq__title\">For interested individuals: Become a member<\/span>\n                           <div aria-hidden=\"true\" class=\"bde-faq__icon bde-faq__icon--inactive\">\n                                <svg xmlns=\"http:\/\/www.w3.org\/2000\/svg\" id=\"Ebene_1\" version=\"1.1\" viewbox=\"0 0 31 31\">\r\n  <!-- Generator: Adobe Illustrator 29.4.0, SVG Export Plug-In . SVG Version: 2.1.0 Build 152)  -->\r\n  <polygon points=\"31 14.5 16 14.5 16 0 15 0 15 14.5 0 14.5 0 15.5 15 15.5 15 31 16 31 16 15.5 31 15.5 31 14.5\"\/>\r\n<\/svg>\n                            <\/div>\n         \t  <div aria-hidden=\"true\" class=\"bde-faq__icon bde-faq__icon--active\">\n                                <svg xmlns=\"http:\/\/www.w3.org\/2000\/svg\" id=\"Ebene_1\" version=\"1.1\" viewbox=\"0 0 31 2\">\r\n  <!-- Generator: Adobe Illustrator 29.4.0, SVG Export Plug-In . SVG Version: 2.1.0 Build 152)  -->\r\n  <rect y=\".5\" width=\"31\" height=\"1\"\/>\r\n<\/svg>\n                            <\/div>\n                  <\/button>\n      <\/h3>\n      <div role=\"region\" aria-labelledby=\"bde-faq-144-button-1\" id=\"bde-faq-144-1\" class=\"bde-faq__answer\">\n        <div class=\"bde-faq__answer-content\">\n            <div class=\"breakdance-rich-text-styles\"><p>We showcase innovative projects and activities from companies of all types and sizes to illustrate different approaches to developing circular business models, products and services. The Circular Economy Forum Austria focuses primarily on sustainable practices of Austrian companies and thus seeks to expand the network of people contributing to the transition to a circular economy in their own country. The contributions are intended to promote the exchange of experiences and expertise in order to create a community that promotes circular practices to bring about cross-sectoral change. Mention as a case study does not constitute an assessment of the quality or size of the contribution to the development of the circular economy in Austria. All case studies can be found here.<br \/><br \/>Is your company making an important contribution to the development of a circular economy in Austria? Contact us by sending us a factsheet and become part of the Austrian Circular Innovation Ecosystem!<\/p><\/div>\n\n                    <\/div>\n      <\/div>\n    <\/div>\n      <div class=\"bde-faq__item\">\n      <h3 class=\"bde-faq__title-tag\">\n       <button id=\"bde-faq-144-button-2\" aria-expanded=\"false\" aria-controls=\"bde-faq-144-2\" class=\"bde-faq__question js-faq-item\">\n          <span class=\"bde-faq__title\">For interested companies: Become a funding partner:in<\/span>\n                           <div aria-hidden=\"true\" class=\"bde-faq__icon bde-faq__icon--inactive\">\n                                <svg xmlns=\"http:\/\/www.w3.org\/2000\/svg\" id=\"Ebene_1\" version=\"1.1\" viewbox=\"0 0 31 31\">\r\n  <!-- Generator: Adobe Illustrator 29.4.0, SVG Export Plug-In . SVG Version: 2.1.0 Build 152)  -->\r\n  <polygon points=\"31 14.5 16 14.5 16 0 15 0 15 14.5 0 14.5 0 15.5 15 15.5 15 31 16 31 16 15.5 31 15.5 31 14.5\"\/>\r\n<\/svg>\n                            <\/div>\n         \t  <div aria-hidden=\"true\" class=\"bde-faq__icon bde-faq__icon--active\">\n                                <svg xmlns=\"http:\/\/www.w3.org\/2000\/svg\" id=\"Ebene_1\" version=\"1.1\" viewbox=\"0 0 31 2\">\r\n  <!-- Generator: Adobe Illustrator 29.4.0, SVG Export Plug-In . SVG Version: 2.1.0 Build 152)  -->\r\n  <rect y=\".5\" width=\"31\" height=\"1\"\/>\r\n<\/svg>\n                            <\/div>\n                  <\/button>\n      <\/h3>\n      <div role=\"region\" aria-labelledby=\"bde-faq-144-button-2\" id=\"bde-faq-144-2\" class=\"bde-faq__answer\">\n        <div class=\"bde-faq__answer-content\">\n            <div class=\"breakdance-rich-text-styles\"><p>Unfortunately, we're unable to offer free samples. As a retailer, we buy all magazines from their publishers at the regular trade price. However, you could contact the magazine's publisher directly to ask if they can send you a free copy.<\/p><\/div>\n\n                    <\/div>\n      <\/div>\n    <\/div>\n      <div class=\"bde-faq__item\">\n      <h3 class=\"bde-faq__title-tag\">\n       <button id=\"bde-faq-144-button-3\" aria-expanded=\"false\" aria-controls=\"bde-faq-144-3\" class=\"bde-faq__question js-faq-item\">\n          <span class=\"bde-faq__title\">For interested consultants: Become a competence partner<\/span>\n                           <div aria-hidden=\"true\" class=\"bde-faq__icon bde-faq__icon--inactive\">\n                                <svg xmlns=\"http:\/\/www.w3.org\/2000\/svg\" id=\"Ebene_1\" version=\"1.1\" viewbox=\"0 0 31 31\">\r\n  <!-- Generator: Adobe Illustrator 29.4.0, SVG Export Plug-In . SVG Version: 2.1.0 Build 152)  -->\r\n  <polygon points=\"31 14.5 16 14.5 16 0 15 0 15 14.5 0 14.5 0 15.5 15 15.5 15 31 16 31 16 15.5 31 15.5 31 14.5\"\/>\r\n<\/svg>\n                            <\/div>\n         \t  <div aria-hidden=\"true\" class=\"bde-faq__icon bde-faq__icon--active\">\n                                <svg xmlns=\"http:\/\/www.w3.org\/2000\/svg\" id=\"Ebene_1\" version=\"1.1\" viewbox=\"0 0 31 2\">\r\n  <!-- Generator: Adobe Illustrator 29.4.0, SVG Export Plug-In . SVG Version: 2.1.0 Build 152)  -->\r\n  <rect y=\".5\" width=\"31\" height=\"1\"\/>\r\n<\/svg>\n                            <\/div>\n                  <\/button>\n      <\/h3>\n      <div role=\"region\" aria-labelledby=\"bde-faq-144-button-3\" id=\"bde-faq-144-3\" class=\"bde-faq__answer\">\n        <div class=\"bde-faq__answer-content\">\n            <div class=\"breakdance-rich-text-styles\"><p>You can create a new account at the end of the order process or on the following page. You can view all of your orders and subscriptions in your customer account. You can also change your addresses and your password.<\/p><\/div>\n\n                    <\/div>\n      <\/div>\n    <\/div>\n  \n<\/div><\/div>\n<\/section><div class=\"bde-globalblock-2-158 bde-globalblock\"><section class=\"bde-section-8210-100-8210-1 bde-section bde-section-8210-100\">\n  \n  \n\t\n\n\n\n<div class=\"section-container\"><div class=\"bde-columns-8210-101-8210-1 bde-columns bde-columns-8210-101\"><div class=\"bde-column-8210-102-8210-1 bde-column bde-column-8210-102\">\n  \n  \n\t\n\n\n\n<div class=\"bde-image-8210-103-8210-1 bde-image bde-image-8210-103\" data-parallax=\"true\">\n<figure class=\"breakdance-image breakdance-image--9785\">\n\t<div class=\"breakdance-image-container\">\n\t\t<div class=\"breakdance-image-clip\"><img loading=\"lazy\" decoding=\"async\" class=\"breakdance-image-object\" src=\"https:\/\/dev.circulareconomyforum.at\/wp-content\/uploads\/2025\/09\/CEFA_Mockup_2025-1.webp\" width=\"1330\" height=\"1158\" srcset=\"https:\/\/dev.circulareconomyforum.at\/wp-content\/uploads\/2025\/09\/CEFA_Mockup_2025-1.webp 1330w, https:\/\/dev.circulareconomyforum.at\/wp-content\/uploads\/2025\/09\/CEFA_Mockup_2025-1-300x261.webp 300w, https:\/\/dev.circulareconomyforum.at\/wp-content\/uploads\/2025\/09\/CEFA_Mockup_2025-1-1024x892.webp 1024w, https:\/\/dev.circulareconomyforum.at\/wp-content\/uploads\/2025\/09\/CEFA_Mockup_2025-1-768x669.webp 768w, https:\/\/dev.circulareconomyforum.at\/wp-content\/uploads\/2025\/09\/CEFA_Mockup_2025-1-14x12.webp 14w\" sizes=\"auto, (max-width: 1330px) 100vw, 1330px\"><\/div>\n\t<\/div><\/figure>\n\n<\/div>\n<\/div><div class=\"bde-column-8210-104-8210-1 bde-column bde-column-8210-104\" data-parallax=\"true\">\n  \n  \n\t\n\n\n\n<div class=\"bde-text-8210-105-8210-1 bde-text bde-text-8210-105\">\nCircular <br>Insider Austria\n<\/div><h2 class=\"bde-heading-8210-106-8210-1 bde-heading bde-heading-8210-106\">\nThe Place To Be\n<\/h2><div class=\"bde-div-8210-107-8210-1 bde-div bde-div-8210-107\">\n  \n  \n\t\n\n\n\n<div class=\"bde-div-8210-108-8210-1 bde-div bde-div-8210-108\">\n  \n  \n\t\n\n\n\n<div class=\"bde-text-8210-109-8210-1 bde-text bde-text-8210-109\">\nWith strong voices from practice, politics and research, our magazine summarises relevant developments, innovative projects and strategic perspectives on the circular economy in Austria.\n<\/div><div class=\"bde-button-8210-110-8210-1 bde-button bde-button-8210-110\">\n        \n    \n    \n    \n    \n            \n                    \n            \n            \n\n    \n    \n    \n    \n    \n    <a class=\"breakdance-link button-atom button-atom--secondary bde-button__button\" href=\"https:\/\/dev.circulareconomyforum.at\/en\/magazin\/\" target=\"_self\" data-type=\"url\"  >\n\n    \n        <span class=\"button-atom__text\">Magazines<\/span>\n\n        \n        \n                <\/a>\n\n    \n\n\n<\/div>\n<\/div><div class=\"bde-div-8210-111-8210-1 bde-div bde-div-8210-111\">\n  \n  \n\t\n\n\n\n<div class=\"bde-image-8210-112-8210-1 bde-image bde-image-8210-112\" data-entrance=\"slideRight\">\n<figure class=\"breakdance-image breakdance-image--9786\">\n\t<div class=\"breakdance-image-container\">\n\t\t<div class=\"breakdance-image-clip\"><img loading=\"lazy\" decoding=\"async\" class=\"breakdance-image-object\" src=\"https:\/\/dev.circulareconomyforum.at\/wp-content\/uploads\/2025\/09\/CEFA_Mockup_2025_geoeffnet.png\" width=\"1383\" height=\"1029\" srcset=\"https:\/\/dev.circulareconomyforum.at\/wp-content\/uploads\/2025\/09\/CEFA_Mockup_2025_geoeffnet.png 1383w, https:\/\/dev.circulareconomyforum.at\/wp-content\/uploads\/2025\/09\/CEFA_Mockup_2025_geoeffnet-300x223.png 300w, https:\/\/dev.circulareconomyforum.at\/wp-content\/uploads\/2025\/09\/CEFA_Mockup_2025_geoeffnet-1024x762.png 1024w, https:\/\/dev.circulareconomyforum.at\/wp-content\/uploads\/2025\/09\/CEFA_Mockup_2025_geoeffnet-768x571.png 768w, https:\/\/dev.circulareconomyforum.at\/wp-content\/uploads\/2025\/09\/CEFA_Mockup_2025_geoeffnet-16x12.png 16w\" sizes=\"auto, (max-width: 1383px) 100vw, 1383px\"><\/div>\n\t<\/div><\/figure>\n\n<\/div>\n<\/div>\n<\/div>\n<\/div><\/div><\/div>\n<\/section><\/div>","protected":false},"excerpt":{"rendered":"","protected":false},"author":1,"featured_media":0,"parent":0,"menu_order":0,"comment_status":"closed","ping_status":"open","template":"","meta":{"_acf_changed":false,"_breakdance_hide_in_design_set":false,"_breakdance_tags":"","footnotes":""},"class_list":["post-2","page","type-page","status-publish","hentry"],"acf":[],"yoast_head":"<!-- This site is optimized with the Yoast SEO Premium plugin v28.3 (Yoast SEO v28.3) - https:\/\/yoast.com\/product\/yoast-seo-premium-wordpress\/ -->\n<title>Ressourcen &amp; Downloads - Circular Economy Forum Austria<\/title>\n<meta name=\"robots\" content=\"index, follow, max-snippet:-1, max-image-preview:large, max-video-preview:-1\" \/>\n<link rel=\"canonical\" href=\"https:\/\/dev.circulareconomyforum.at\/en\/sample-page\/\" \/>\n<meta property=\"og:locale\" content=\"en_GB\" \/>\n<meta property=\"og:type\" content=\"article\" \/>\n<meta property=\"og:title\" content=\"Ressourcen &amp; Downloads\" \/>\n<meta property=\"og:url\" content=\"https:\/\/dev.circulareconomyforum.at\/en\/sample-page\/\" \/>\n<meta property=\"og:site_name\" content=\"Circular Economy Forum Austria\" \/>\n<meta property=\"article:modified_time\" content=\"2025-08-28T15:37:30+00:00\" \/>\n<meta property=\"og:image\" content=\"https:\/\/dev.circulareconomyforum.at\/wp-content\/uploads\/2025\/04\/cefa-fallback.png\" \/>\n\t<meta property=\"og:image:width\" content=\"1920\" \/>\n\t<meta property=\"og:image:height\" content=\"1080\" \/>\n\t<meta property=\"og:image:type\" content=\"image\/png\" \/>\n<meta name=\"twitter:card\" content=\"summary_large_image\" \/>\n<script type=\"application\/ld+json\" class=\"yoast-schema-graph\">{\"@context\":\"https:\\\/\\\/schema.org\",\"@graph\":[{\"@type\":\"WebPage\",\"@id\":\"https:\\\/\\\/dev.circulareconomyforum.at\\\/sample-page\\\/\",\"url\":\"https:\\\/\\\/dev.circulareconomyforum.at\\\/sample-page\\\/\",\"name\":\"Ressourcen &amp; Downloads - Circular Economy Forum Austria\",\"isPartOf\":{\"@id\":\"https:\\\/\\\/dev.circulareconomyforum.at\\\/#website\"},\"datePublished\":\"2025-03-19T13:26:34+00:00\",\"dateModified\":\"2025-08-28T15:37:30+00:00\",\"breadcrumb\":{\"@id\":\"https:\\\/\\\/dev.circulareconomyforum.at\\\/sample-page\\\/#breadcrumb\"},\"inLanguage\":\"en-GB\",\"potentialAction\":[{\"@type\":\"ReadAction\",\"target\":[\"https:\\\/\\\/dev.circulareconomyforum.at\\\/sample-page\\\/\"]}]},{\"@type\":\"BreadcrumbList\",\"@id\":\"https:\\\/\\\/dev.circulareconomyforum.at\\\/sample-page\\\/#breadcrumb\",\"itemListElement\":[{\"@type\":\"ListItem\",\"position\":1,\"name\":\"Startseite\",\"item\":\"https:\\\/\\\/dev.circulareconomyforum.at\\\/\"},{\"@type\":\"ListItem\",\"position\":2,\"name\":\"Ressourcen &amp; Downloads\"}]},{\"@type\":\"WebSite\",\"@id\":\"https:\\\/\\\/dev.circulareconomyforum.at\\\/#website\",\"url\":\"https:\\\/\\\/dev.circulareconomyforum.at\\\/\",\"name\":\"Circular Economy Forum Austria\",\"description\":\"\",\"potentialAction\":[{\"@type\":\"SearchAction\",\"target\":{\"@type\":\"EntryPoint\",\"urlTemplate\":\"https:\\\/\\\/dev.circulareconomyforum.at\\\/?s={search_term_string}\"},\"query-input\":{\"@type\":\"PropertyValueSpecification\",\"valueRequired\":true,\"valueName\":\"search_term_string\"}}],\"inLanguage\":\"en-GB\"}]}<\/script>\n<!-- \/ Yoast SEO Premium plugin. -->","yoast_head_json":{"title":"Ressourcen &amp; Downloads - Circular Economy Forum Austria","robots":{"index":"index","follow":"follow","max-snippet":"max-snippet:-1","max-image-preview":"max-image-preview:large","max-video-preview":"max-video-preview:-1"},"canonical":"https:\/\/dev.circulareconomyforum.at\/en\/sample-page\/","og_locale":"en_GB","og_type":"article","og_title":"Ressourcen &amp; Downloads","og_url":"https:\/\/dev.circulareconomyforum.at\/en\/sample-page\/","og_site_name":"Circular Economy Forum Austria","article_modified_time":"2025-08-28T15:37:30+00:00","og_image":[{"width":1920,"height":1080,"url":"https:\/\/dev.circulareconomyforum.at\/wp-content\/uploads\/2025\/04\/cefa-fallback.png","type":"image\/png"}],"twitter_card":"summary_large_image","schema":{"@context":"https:\/\/schema.org","@graph":[{"@type":"WebPage","@id":"https:\/\/dev.circulareconomyforum.at\/sample-page\/","url":"https:\/\/dev.circulareconomyforum.at\/sample-page\/","name":"Ressourcen &amp; Downloads - Circular Economy Forum Austria","isPartOf":{"@id":"https:\/\/dev.circulareconomyforum.at\/#website"},"datePublished":"2025-03-19T13:26:34+00:00","dateModified":"2025-08-28T15:37:30+00:00","breadcrumb":{"@id":"https:\/\/dev.circulareconomyforum.at\/sample-page\/#breadcrumb"},"inLanguage":"en-GB","potentialAction":[{"@type":"ReadAction","target":["https:\/\/dev.circulareconomyforum.at\/sample-page\/"]}]},{"@type":"BreadcrumbList","@id":"https:\/\/dev.circulareconomyforum.at\/sample-page\/#breadcrumb","itemListElement":[{"@type":"ListItem","position":1,"name":"Startseite","item":"https:\/\/dev.circulareconomyforum.at\/"},{"@type":"ListItem","position":2,"name":"Ressourcen &amp; Downloads"}]},{"@type":"WebSite","@id":"https:\/\/dev.circulareconomyforum.at\/#website","url":"https:\/\/dev.circulareconomyforum.at\/","name":"Circular Economy Forum Austria","description":"","potentialAction":[{"@type":"SearchAction","target":{"@type":"EntryPoint","urlTemplate":"https:\/\/dev.circulareconomyforum.at\/?s={search_term_string}"},"query-input":{"@type":"PropertyValueSpecification","valueRequired":true,"valueName":"search_term_string"}}],"inLanguage":"en-GB"}]}},"_links":{"self":[{"href":"https:\/\/dev.circulareconomyforum.at\/en\/wp-json\/wp\/v2\/pages\/2","targetHints":{"allow":["GET"]}}],"collection":[{"href":"https:\/\/dev.circulareconomyforum.at\/en\/wp-json\/wp\/v2\/pages"}],"about":[{"href":"https:\/\/dev.circulareconomyforum.at\/en\/wp-json\/wp\/v2\/types\/page"}],"author":[{"embeddable":true,"href":"https:\/\/dev.circulareconomyforum.at\/en\/wp-json\/wp\/v2\/users\/1"}],"replies":[{"embeddable":true,"href":"https:\/\/dev.circulareconomyforum.at\/en\/wp-json\/wp\/v2\/comments?post=2"}],"version-history":[{"count":0,"href":"https:\/\/dev.circulareconomyforum.at\/en\/wp-json\/wp\/v2\/pages\/2\/revisions"}],"wp:attachment":[{"href":"https:\/\/dev.circulareconomyforum.at\/en\/wp-json\/wp\/v2\/media?parent=2"}],"curies":[{"name":"wp","href":"https:\/\/api.w.org\/{rel}","templated":true}]}}